{"id":9272,"date":"2026-02-28T09:11:42","date_gmt":"2026-02-28T17:11:42","guid":{"rendered":"https:\/\/www.basqueeducational.org\/?post_type=tribe_events&#038;p=9272"},"modified":"2026-08-17T21:46:31","modified_gmt":"2026-08-18T04:46:31","slug":"classical-basque-music-concert","status":"publish","type":"tribe_events","link":"https:\/\/www.basqueeducational.org\/fr\/event\/classical-basque-music-concert\/","title":{"rendered":"Un CONCERT \u2022 L'Histoire de la Musique Basque : Un Portrait Vivant d'une Terre Ancienne"},"content":{"rendered":"<div  class=\"tribe-events-schedule tribe-clearfix\" >\n\t<p class=\"tribe-events-schedule__datetime\">\n\t\t<span class=\"tribe-events-schedule__date tribe-events-schedule__date--start\">\n\t\t\t26 septembre\t\t<\/span>\n\n\t\t\t\t\t<span class=\"tribe-events-schedule__separator tribe-events-schedule__separator--date\">\n\t\t\t\t @ \t\t\t<\/span>\n\t\t\t<span class=\"tribe-events-schedule__time tribe-events-schedule__time--start\">\n\t\t\t\t18:00 heures\t\t\t<\/span>\n\t\t\n\t\t\t\t\t\t\t\t\t<span class=\"tribe-events-schedule__separator tribe-events-schedule__separator--time\">\n\t\t\t\t\t - \t\t\t\t<\/span>\n\t\t\t\n\t\t\t\t\t\t\t<span class=\"tribe-events-schedule__time tribe-events-schedule__time--end\">\n\t\t\t\t\t19:30 heures\t\t\t\t<\/span>\n\t\t\t\n\t\t\t\t\t\t\t<span class=\"tribe-events-schedule__timezone\">PDT<\/span>\n\t\t\t\t\t\t<\/p>\n<\/div>\n\n\n\n<p class=\"wp-block-paragraph\"><em>Un concert-documentaire \u00b7 26 septembre 2026 \u00b7 The Presidio Theater, San Francisco<\/em><\/p>\n\n\n\n<p class=\"wp-block-paragraph\">Certaines histoires demandent \u00e0 \u00eatre entendues. Celle-ci attendait depuis mille ans.<\/p>\n\n\n\n<p class=\"wp-block-paragraph\">Rejoignez-nous pour une soir\u00e9e qui raconte l'histoire basque comme elle m\u00e9rite d'\u00eatre racont\u00e9e \u2014 \u00e0 travers la musique, la narration et le r\u00e9cit visuel. Le pianiste Josu Oki\u00f1ena tisse les compositeurs, les influences et l'identit\u00e9 derri\u00e8re la musique basque, rejoint par le txistulari Garikoitz Mendizabal et la soprano Noelia Ib\u00e1\u00f1ez. Ensemble, ils cr\u00e9ent quelque chose d'immersif, de personnel et d'in\u00e9dit.<\/p>\n\n\n\n<p class=\"wp-block-paragraph\">Il n'est pas n\u00e9cessaire de conna\u00eetre la musique. Il suffit d'\u00eatre curieux.<\/p>\n\n\n\n<p class=\"wp-block-paragraph\">Les portes ouvrent \u00e0 17h30 \u00b7 Le concert commence \u00e0 18h00<br>Le Th\u00e9\u00e2tre Presidio \u00b7 99 Moraga Avenue, San Francisco<\/p>\n\n\n\n<div class=\"wp-block-buttons is-layout-flex wp-block-buttons-is-layout-flex\">\n<div class=\"wp-block-button has-custom-width wp-block-button__width-100\"><a class=\"wp-block-button__link has-white-color has-strong-red-background-color has-text-color has-background has-link-color wp-element-button\" href=\"https:\/\/www.basqueeducational.org\/bcd26-the-history-of-basque\/\">ACHETEZ VOS BILLETS ICI<\/a><\/div>\n<\/div>\n\n\n\n<p class=\"wp-block-paragraph\"><em>Co-pr\u00e9sent\u00e9 par l'Organisation \u00c9ducative Basque | Eusko Jaurlaritza \u2022 Gobierno Vasco | Etxepare Euskal Institutua<\/em><\/p>\n\n\n\n<hr class=\"wp-block-separator has-alpha-channel-opacity\"\/>\n\n\n<div  class=\"tribe-block tribe-block__venue tribe-clearfix tribe-block__venue--has-map\" >\n\t\n\t\n<div class=\"tribe-block__venue__meta\">\n\t<div class=\"tribe-block__venue__name\">\n\t\t<h3><a href=\"https:\/\/www.basqueeducational.org\/fr\/lieu\/\" title=\"Th\u00e9\u00e2tre Presidio\">Th\u00e9\u00e2tre Presidio<\/a><\/h3>\n\t<\/div>\n\n\t\n\t\t\t\t\t\t<address class=\"tribe-block__venue__address\">\n\t\t\t\t<span class=\"tribe-address\">\n\n<span class=\"tribe-street-address\">99 Moraga Avenue<\/span>\n\t\n\t\t<br>\n\t\t<span class=\"tribe-locality\">San Francisco<\/span><span class=\"tribe-delimiter\">,<\/span>\n\n\t<abbr class=\"tribe-region tribe-events-abbr\" title=\"Californie\">Californie<\/abbr>\n\n\t<span class=\"tribe-postal-code\">94129<\/span>\n\n\t<span class=\"tribe-country-name\">\u00c9tats-Unis<\/span>\n\n<\/span>\n\n\t\t\t\t\t\t\t\t\t<a class=\"tribe-events-gmap\" href=\"https:\/\/maps.google.com\/maps?f=q&#038;source=s_q&#038;hl=en&#038;geocode=&#038;q=99+Moraga+Avenue+San+Francisco+California+94129+United+States\" title=\"Cliquez pour voir une carte Google Map\" target=\"_blank\" rel=\"noreferrer noopener\">+ Google Map<\/a>\t\t\t\t\t\t\t<\/address>\n\t\t\n\t\t\t\t\t<span class=\"tribe-block__venue__phone\">415-960-3949<\/span><br \/>\n\t\t\n\t\t\t\t\t<span class=\"tribe-block__venue__website\"><a href=\"https:\/\/www.presidiotheatre.org\" target=\"_self\" rel=\"external\">Voir Lieu site web<\/a><\/span><br \/>\n\t\t\t\n\t<\/div>\n\t\n<div class=\"tribe-block__venue__map\">\n\t\n<iframe loading=\"lazy\"\n  title=\"L&#039;iframe Google Maps affichant l&#039;adresse au Presidio Theater\"\n  aria-label=\"Plan des lieux\"\n  width=\"310px\"\n  height=\"256px\"\n  frameborder=\"0\" style=\"border:0\"\n  src=\"https:\/\/www.google.com\/maps\/embed\/v1\/place?key=AIzaSyDNsicAsP6-VuGtAb1O9riI3oc_NOb7IOU&#038;q=99+Moraga+Avenue+San+Francisco+California+California+94129+United+States+&#038;zoom=10\" allowfullscreen>\n<\/iframe>\n<\/div>\n\n\t<\/div>\n\n\n\t<div  class=\"tribe-block tribe-block__events-link\" >\n\t\t<div class=\"tribe-events tribe-common\">\n\t\t\t<div class=\"tribe-events-c-subscribe-dropdown__container\">\n\t\t\t\t<div class=\"tribe-events-c-subscribe-dropdown\">\n\t\t\t\t\t<div class=\"tribe-common-c-btn-border tribe-events-c-subscribe-dropdown__button\">\n\t\t\t\t\t\t<svg\n\t class=\"tribe-common-c-svgicon tribe-common-c-svgicon--cal-export tribe-events-c-subscribe-dropdown__export-icon\" \taria-hidden=\"true\"\n\tviewbox=\"0 0 23 17\"\n\txmlns=\"http:\/\/www.w3.org\/2000\/svg\"\n>\n\t<path fill-rule=\"evenodd\" clip-rule=\"evenodd\" d=\"M.128.896V16.13c0 .211.145.383.323.383h15.354c.179 0 .323-.172.323-.383V.896c0-.212-.144-.383-.323-.383H.451C.273.513.128.684.128.896Zm16 6.742h-.901V4.679H1.009v10.729h14.218v-3.336h.901V7.638ZM1.01 1.614h14.218v2.058H1.009V1.614Z\" \/>\n\t<path d=\"M20.5 9.846H8.312M18.524 6.953l2.89 2.909-2.855 2.855\" stroke-width=\"1.2\" stroke-linecap=\"round\" stroke-linejoin=\"round\"\/>\n<\/svg>\n\t\t\t\t\t\t<button\n\t\t\t\t\t\t\tclass=\"tribe-events-c-subscribe-dropdown__button-text\"\n\t\t\t\t\t\t\taria-expanded=\"false\"\n\t\t\t\t\t\t\taria-controls=\"tribe-events-subscribe-dropdown-content\"\n\t\t\t\t\t\t\taria-label=\"Afficher les liens permettant d&#039;ajouter des \u00e9v\u00e8nements \u00e0 votre calendrier\"\n\t\t\t\t\t\t>\n\t\t\t\t\t\t\tAjouter au calendrier\t\t\t\t\t\t<\/button>\n\t\t\t\t\t\t<svg\n\t class=\"tribe-common-c-svgicon tribe-common-c-svgicon--caret-down tribe-events-c-subscribe-dropdown__button-icon\" \taria-hidden=\"true\"\n\tviewbox=\"0 0 10 7\"\n\txmlns=\"http:\/\/www.w3.org\/2000\/svg\"\n>\n\t<path fill-rule=\"evenodd\" clip-rule=\"evenodd\" d=\"M1.008.609L5 4.6 8.992.61l.958.958L5 6.517.05 1.566l.958-.958z\" class=\"tribe-common-c-svgicon__svg-fill\"\/>\n<\/svg>\n\t\t\t\t\t<\/div>\n\t\t\t\t\t<div id=\"tribe-events-subscribe-dropdown-content\" class=\"tribe-events-c-subscribe-dropdown__content\">\n\t\t\t\t\t\t<ul class=\"tribe-events-c-subscribe-dropdown__list\">\n\t\t\t\t\t\t\t\t\t\t\t\t\t\t\t<li class=\"tribe-events-c-subscribe-dropdown__list-item tribe-events-c-subscribe-dropdown__list-item--gcal\">\n\t\t\t\t\t\t\t\t\t<a\n\t\t\t\t\t\t\t\t\t\thref=\"https:\/\/www.google.com\/calendar\/event?action=TEMPLATE&#038;dates=20260926T180000\/20260926T193000&#038;text=A%20CONCERT%20%E2%80%A2%20The%20History%20of%20Basque%20Music%3A%20A%20Living%20Portrait%20of%20an%20Ancient%20Land&#038;details=%3Cp%3E%3Cem%3EA+documentary-style+concert+%C2%B7+September+26%2C+2026+%C2%B7+The+Presidio+Theater%2C+San+Francisco%3C%2Fem%3E%3C%2Fp%3E+%3Cp%3ESome+stories+ask+to+be+heard.+This+one+has+been+waiting+a+thousand+years.%3C%2Fp%3E+%3Cp%3EJoin+us+for+an+evening+that+tells+the+Basque+story+the+way+it+deserves+to+be+told+%E2%80%94+through+music%2C+narration%2C+and+visual+storytelling.+Pianist+Josu+Oki%C3%B1ena+weaves+together+the+composers%2C+influences%2C+and+identity+behind+Basque+music%2C+joined+by+txistulari+Garikoitz+Mendizabal+and+soprano+Noelia+Ib%C3%A1%C3%B1ez.+Together%2C+they+create+something+immersive%2C+personal%2C+and+unlike+anything+you%27ve+heard+before.%3C%2Fp%3E+%3Cp%3EYou+don%27t+need+to+know+the+music.+You+just+need+to+be+curious.%3C%2Fp%3E+%3Cp%3EDoors+open+at+5%3A30+pm+%C2%B7+Concert+begins+at+6%3A00+pm%3Cbr+%2F%3EThe+Presidio+Theater+%C2%B7+99+Moraga+Avenue%2C+San+Francisco%3C%2Fp%3E+%3Cdiv+class%3D%22wp-block-buttons%22%3E%3Cdiv+class%3D%22wp-block-button+has-custom-width+wp-block-button__width-100%22%3E%3Ca+class%3D%22wp-block-button__link+has-white-color+has-strong-red-background-color+has-text%3C%2Fdiv%3E%3C%2Fdiv%3E%28Voir+toute+la+description+de+%C3%A9v%C3%A8nement+ici%C2%A0%3A+https%3A%2F%2Fwww.basqueeducational.org%2Ffr%2Fevent%2Fclassical-basque-music-concert%2F%29&#038;location=Presidio%20Theater,%2099%20Moraga%20Avenue,%20San%20Francisco,%20California,%2094129,%20United%20States&#038;trp=false&#038;ctz=America\/Los_Angeles&#038;sprop=website:https:\/\/www.basqueeducational.org\/fr\"\n\t\t\t\t\t\t\t\t\t\tclass=\"tribe-events-c-subscribe-dropdown__list-item-link\"\n\t\t\t\t\t\t\t\t\t\ttarget=\"_blank\"\n\t\t\t\t\t\t\t\t\t\trel=\"noopener noreferrer nofollow noindex\"\n\t\t\t\t\t\t\t\t\t>\n\t\t\t\t\t\t\t\t\t\tAgenda Google\t\t\t\t\t\t\t\t\t<\/a>\n\t\t\t\t\t\t\t\t<\/li>\n\t\t\t\t\t\t\t\t\t\t\t\t\t\t\t<li class=\"tribe-events-c-subscribe-dropdown__list-item tribe-events-c-subscribe-dropdown__list-item--ical\">\n\t\t\t\t\t\t\t\t\t<a\n\t\t\t\t\t\t\t\t\t\thref=\"\"\n\t\t\t\t\t\t\t\t\t\tclass=\"tribe-events-c-subscribe-dropdown__list-item-link\"\n\t\t\t\t\t\t\t\t\t\ttarget=\"_blank\"\n\t\t\t\t\t\t\t\t\t\trel=\"noopener noreferrer nofollow noindex\"\n\t\t\t\t\t\t\t\t\t>\n\t\t\t\t\t\t\t\t\t\tiCalendar\t\t\t\t\t\t\t\t\t<\/a>\n\t\t\t\t\t\t\t\t<\/li>\n\t\t\t\t\t\t\t\t\t\t\t\t\t\t\t<li class=\"tribe-events-c-subscribe-dropdown__list-item tribe-events-c-subscribe-dropdown__list-item--outlook-365\">\n\t\t\t\t\t\t\t\t\t<a\n\t\t\t\t\t\t\t\t\t\thref=\"\"\n\t\t\t\t\t\t\t\t\t\tclass=\"tribe-events-c-subscribe-dropdown__list-item-link\"\n\t\t\t\t\t\t\t\t\t\ttarget=\"_blank\"\n\t\t\t\t\t\t\t\t\t\trel=\"noopener noreferrer nofollow noindex\"\n\t\t\t\t\t\t\t\t\t>\n\t\t\t\t\t\t\t\t\t\tOutlook 365\t\t\t\t\t\t\t\t\t<\/a>\n\t\t\t\t\t\t\t\t<\/li>\n\t\t\t\t\t\t\t\t\t\t\t\t\t\t\t<li class=\"tribe-events-c-subscribe-dropdown__list-item tribe-events-c-subscribe-dropdown__list-item--outlook-live\">\n\t\t\t\t\t\t\t\t\t<a\n\t\t\t\t\t\t\t\t\t\thref=\"\"\n\t\t\t\t\t\t\t\t\t\tclass=\"tribe-events-c-subscribe-dropdown__list-item-link\"\n\t\t\t\t\t\t\t\t\t\ttarget=\"_blank\"\n\t\t\t\t\t\t\t\t\t\trel=\"noopener noreferrer nofollow noindex\"\n\t\t\t\t\t\t\t\t\t>\n\t\t\t\t\t\t\t\t\t\tOutlook Live\t\t\t\t\t\t\t\t\t<\/a>\n\t\t\t\t\t\t\t\t<\/li>\n\t\t\t\t\t\t\t\t\t\t\t\t\t<\/ul>\n\t\t\t\t\t<\/div>\n\t\t\t\t<\/div>\n\t\t\t<\/div>\n\t\t<\/div>\n\t<\/div>","protected":false},"excerpt":{"rendered":"<p>Ce sera un \u00e9v\u00e9nement \u00e0 ne pas manquer. Actuellement (en f\u00e9vrier\/mars), nous travaillons sur les d\u00e9tails... mais voici ce que nous savons pour l'instant...<\/p>","protected":false},"author":1,"featured_media":9273,"template":"","meta":{"give_campaign_id":0,"_tec_requires_first_save":false,"_exactmetrics_skip_tracking":false,"_price":"","_stock":"","_tribe_ticket_header":"","_tribe_default_ticket_provider":"TEC\\Tickets\\Commerce\\Module","_tribe_ticket_capacity":"0","_ticket_start_date":"","_ticket_end_date":"","_tribe_ticket_show_description":"","_tribe_ticket_show_not_going":false,"_tribe_ticket_use_global_stock":"","_tribe_ticket_global_stock_level":"","_global_stock_mode":"","_global_stock_cap":"","_tribe_rsvp_for_event":"","_tribe_ticket_going_count":"","_tribe_ticket_not_going_count":"","_tribe_tickets_list":"[]","_tribe_ticket_has_attendee_info_fields":false,"_EventAllDay":false,"_EventTimezone":"America\/Los_Angeles","_EventStartDate":"2026-09-26 18:00:00","_EventEndDate":"2026-09-26 19:30:00","_EventStartDateUTC":"2026-09-27 01:00:00","_EventEndDateUTC":"2026-09-27 02:30:00","_EventShowMap":false,"_EventShowMapLink":false,"_EventURL":"","_EventCost":"","_EventCostDescription":"","_EventCurrencySymbol":"$","_EventCurrencyCode":"USD","_EventCurrencyPosition":"prefix","_EventDateTimeSeparator":" @ ","_EventTimeRangeSeparator":" - ","_EventOrganizerID":[],"_EventVenueID":[8524],"_OrganizerEmail":"","_OrganizerPhone":"","_OrganizerWebsite":"","_VenueAddress":"","_VenueCity":"","_VenueCountry":"","_VenueProvince":"","_VenueState":"","_VenueZip":"","_VenuePhone":"","_VenueURL":"","_VenueStateProvince":"","_VenueLat":"","_VenueLng":"","_VenueShowMap":false,"_VenueShowMapLink":false,"_tribe_blocks_recurrence_rules":"","_tribe_blocks_recurrence_description":"","_tribe_blocks_recurrence_exclusions":"","_tribe_events_status":"","_tribe_events_status_reason":"","_tribe_events_is_hybrid":"","_tribe_events_is_virtual":"","_tribe_events_virtual_video_source":"","_tribe_events_virtual_embed_video":"","_tribe_events_virtual_linked_button_text":"","_tribe_events_virtual_linked_button":"","_tribe_events_virtual_show_embed_at":"","_tribe_events_virtual_show_embed_to":[],"_tribe_events_virtual_show_on_event":"","_tribe_events_virtual_show_on_views":"","_tribe_events_virtual_url":"","footnotes":"","_tec_slr_enabled":"","_tec_slr_layout":""},"tags":[],"tribe_events_cat":[39],"class_list":["post-9272","tribe_events","type-tribe_events","status-publish","has-post-thumbnail","hentry","tribe_events_cat-beo-sponsored-event","cat_beo-sponsored-event"],"ticketed":false,"_links":{"self":[{"href":"https:\/\/www.basqueeducational.org\/fr\/wp-json\/wp\/v2\/tribe_events\/9272","targetHints":{"allow":["GET"]}}],"collection":[{"href":"https:\/\/www.basqueeducational.org\/fr\/wp-json\/wp\/v2\/tribe_events"}],"about":[{"href":"https:\/\/www.basqueeducational.org\/fr\/wp-json\/wp\/v2\/types\/tribe_events"}],"author":[{"embeddable":true,"href":"https:\/\/www.basqueeducational.org\/fr\/wp-json\/wp\/v2\/users\/1"}],"version-history":[{"count":3,"href":"https:\/\/www.basqueeducational.org\/fr\/wp-json\/wp\/v2\/tribe_events\/9272\/revisions"}],"predecessor-version":[{"id":10086,"href":"https:\/\/www.basqueeducational.org\/fr\/wp-json\/wp\/v2\/tribe_events\/9272\/revisions\/10086"}],"wp:featuredmedia":[{"embeddable":true,"href":"https:\/\/www.basqueeducational.org\/fr\/wp-json\/wp\/v2\/media\/9273"}],"wp:attachment":[{"href":"https:\/\/www.basqueeducational.org\/fr\/wp-json\/wp\/v2\/media?parent=9272"}],"wp:term":[{"taxonomy":"post_tag","embeddable":true,"href":"https:\/\/www.basqueeducational.org\/fr\/wp-json\/wp\/v2\/tags?post=9272"},{"taxonomy":"tribe_events_cat","embeddable":true,"href":"https:\/\/www.basqueeducational.org\/fr\/wp-json\/wp\/v2\/tribe_events_cat?post=9272"}],"curies":[{"name":"wp","href":"https:\/\/api.w.org\/{rel}","templated":true}]}}